{"id":1878,"date":"2019-08-05T09:17:52","date_gmt":"2019-08-05T09:17:52","guid":{"rendered":"https:\/\/partielinsaf.mr\/fr\/?page_id=1878"},"modified":"2025-12-04T15:58:51","modified_gmt":"2025-12-04T15:58:51","slug":"home-1","status":"publish","type":"page","link":"https:\/\/partielinsaf.mr\/fr\/","title":{"rendered":"Accueil"},"content":{"rendered":"<p>&nbsp;<\/p>\n<h3><a href=\"https:\/\/partielinsaf.mr\/fr\/communique-de-lupr-apres-lannonce-de-la-guerison-de-son-excellence-le-president-de-la-republique-du-covid-19\/\"><br \/>\nCommuniqu\u00e9 de L\u2019UPR apr\u00e8s l\u2019annonce de la gu\u00e9rison de Son Excellence le Pr\u00e9sident de la R\u00e9publique du Covid 19 <\/a><\/h3>\n<p><!-- Col end --><br \/>\n<!-- feature item --><br \/>\n<a title=\"D\u00e9claration de presse de l\u2019UPR\" href=\"https:\/\/partielinsaf.mr\/fr\/declaration-de-presse-de-lupr\/\" rel=\"bookmark\"><br \/>\n<\/a><\/p>\n<h4><a title=\"D\u00e9claration de presse de l\u2019UPR\" href=\"https:\/\/partielinsaf.mr\/fr\/declaration-de-presse-de-lupr\/\" rel=\"bookmark\">D\u00e9claration de presse de l\u2019UPR<\/a><\/h4>\n<p><!-- Post content end --><br \/>\n<!-- Post block style end --><br \/>\n<!-- feature item --><br \/>\n<a title=\"A l\u2019issue de la visite de Son Excellence le Pr\u00e9sident de la R\u00e9publique en Alg\u00e9rie l\u2019UPR communique\" href=\"https:\/\/partielinsaf.mr\/fr\/a-lissue-de-la-visite-de-son-excellence-le-president-de-la-republique-en-algerie-lupr-communique\/\" rel=\"bookmark\"><br \/>\n<\/a><\/p>\n<h4><a title=\"A l\u2019issue de la visite de Son Excellence le Pr\u00e9sident de la R\u00e9publique en Alg\u00e9rie l\u2019UPR communique\" href=\"https:\/\/partielinsaf.mr\/fr\/a-lissue-de-la-visite-de-son-excellence-le-president-de-la-republique-en-algerie-lupr-communique\/\" rel=\"bookmark\">A l\u2019issue de la visite de Son Excellence le Pr\u00e9sident<\/a><\/h4>\n<p><!-- Post content end --><br \/>\n<!-- Post block style end --><br \/>\n<!-- feature item --><br \/>\n<a title=\"D\u2019immenses foules assistent au meeting de l\u2019\u00e9quit\u00e9 organis\u00e9 par l\u2019UPR\" href=\"https:\/\/partielinsaf.mr\/fr\/dimmenses-foules-assistent-au-meeting-de-lupr\/\" rel=\"bookmark\"><br \/>\n<\/a><\/p>\n<h4><a title=\"D\u2019immenses foules assistent au meeting de l\u2019\u00e9quit\u00e9 organis\u00e9 par l\u2019UPR\" href=\"https:\/\/partielinsaf.mr\/fr\/dimmenses-foules-assistent-au-meeting-de-lupr\/\" rel=\"bookmark\">D\u2019immenses foules assistent au meeting de l\u2019\u00e9quit\u00e9 organis\u00e9 par l\u2019UPR<\/a><\/h4>\n<p><!-- Post content end --><br \/>\n<!-- Post block style end --><br \/>\n<!-- feature item --><br \/>\n<a title=\"Invitation des membres du Conseil National et du Bureau Ex\u00e9cutif de l\u2019UPR\" href=\"https:\/\/partielinsaf.mr\/fr\/invitation-des-membres-du-conseil-national-et-du-bureau-executif-de-lupr-2\/\" rel=\"bookmark\"><br \/>\n<\/a><\/p>\n<h4><a title=\"Invitation des membres du Conseil National et du Bureau Ex\u00e9cutif de l\u2019UPR\" href=\"https:\/\/partielinsaf.mr\/fr\/invitation-des-membres-du-conseil-national-et-du-bureau-executif-de-lupr-2\/\" rel=\"bookmark\">Invitation des membres du Conseil National et du Bureau Ex\u00e9cutif<\/a><\/h4>\n<p><!-- Post content end --><br \/>\n<!-- Post block style end --><br \/>\n<!-- List post Col end --><br \/>\n<!-- feature item --><br \/>\n<!-- row --><br \/>\n<!-- block-item6 --><br \/>\n<a href=\"https:\/\/partielinsaf.mr\/fr\/%d8%a7%d9%86%d8%ac%d8%a7%d8%b2%d8%a7%d8%aa\/\"><br \/>\n<img loading=\"lazy\" decoding=\"async\" src=\"https:\/\/partielinsaf.mr\/fr\/wp-content\/uploads\/2021\/12\/\u0625\u0639\u0644\u0627\u0646-\u0644-upr.png\" sizes=\"auto, (max-width: 983px) 100vw, 983px\" srcset=\"https:\/\/partielinsaf.mr\/fr\/wp-content\/uploads\/2021\/12\/\u0625\u0639\u0644\u0627\u0646-\u0644-upr.png 983w, https:\/\/partielinsaf.mr\/fr\/wp-content\/uploads\/2021\/12\/\u0625\u0639\u0644\u0627\u0646-\u0644-upr-768x94.png 768w\" alt=\"\" width=\"983\" height=\"120\" \/> <\/a><\/p>\n<h2>Actualites du president<\/h2>\n<p><!-- Section title --><\/p>\n<h3><a href=\"https:\/\/partielinsaf.mr\/fr\/discours-integral-du-president-de-la-republique-a-ouadane-2\/\"><br \/>\nDiscours int\u00e9gral du Pr\u00e9sident de la R\u00e9publique \u00e0 Ouadane <\/a><\/h3>\n<p>&nbsp;<\/p>\n<h3><a href=\"https:\/\/partielinsaf.mr\/fr\/exclusif-mauritanie-mohamed-ould-ghazouani-_-je-ne-suis-pas-juge-pour-dire-si-mohamed-ould-abdelaziz-est-coupable-ou-non-jeune-afrique\/\"><br \/>\nExclusif] Mauritanie \u2013 Mohamed Ould Ghazouani _ \u00ab Je ne suis pas juge pour dire si Mohamed Ould Abdelaziz est coupable ou non \u00bb \u2013 Jeune Afrique <\/a><\/h3>\n<p>&nbsp;<\/p>\n<h3><a href=\"https:\/\/partielinsaf.mr\/fr\/le-president-de-la-republique-felicite-le-peuple-mauritanien-a-loccasion-de-la-fete-del-al-adha\/\"><br \/>\nLe Pr\u00e9sident de la R\u00e9publique f\u00e9licite le peuple mauritanien \u00e0 l\u2019occasion de la f\u00eate d\u2019El Al Adha <\/a><\/h3>\n<p>&nbsp;<\/p>\n<h3><a href=\"https:\/\/partielinsaf.mr\/fr\/le-president-de-lupr-rencontre-un-groupe-de-jeunes-du-parti\/\"><br \/>\nLe pr\u00e9sident de l\u2019UPR rencontre un groupe de jeunes du parti <\/a><\/h3>\n<h2>Actualites des Federations<\/h2>\n<p><!-- Section title --><\/p>\n<h4><a title=\"D\u2019immenses foules assistent au meeting de l\u2019\u00e9quit\u00e9 organis\u00e9 par l\u2019UPR\" href=\"https:\/\/partielinsaf.mr\/fr\/dimmenses-foules-assistent-au-meeting-de-lupr\/\" rel=\"bookmark\">D\u2019immenses foules assistent au meeting de l\u2019\u00e9quit\u00e9 organis\u00e9 par l\u2019UPR<\/a><\/h4>\n<p>d\u00e9cembre 26, 2021<br \/>\n<!-- Post content end --><br \/>\n<!-- Post Block style end --><br \/>\n<!-- Col end --><br \/>\n<!-- feature item --><\/p>\n<h4><a title=\"Le pr\u00e9sident de l\u2019UPR supervise les activit\u00e9s de sensibilisation pour l\u2019accueil du Pr\u00e9sident de la R\u00e9publique \u00e0 Chami\" href=\"https:\/\/partielinsaf.mr\/fr\/le-president-de-lupr-supervise-les-activites-de-sensibilisation-pour-laccueil-du-president-de-la-republique-a-chami\/\" rel=\"bookmark\">Le pr\u00e9sident de l\u2019UPR supervise les activit\u00e9s de sensibilisation pour<\/a><\/h4>\n<p><i> <\/i><br \/>\nd\u00e9cembre 20, 2021<br \/>\n<!-- Post content end --><br \/>\n<!-- Post block style end --><br \/>\n<!-- feature item --><\/p>\n<h4><a title=\"Le bureau ex\u00e9cutif se r\u00e9unit \u00e0 l\u2019ancien palais des congr\u00e8s. Discours du pr\u00e9sident de l\u2019UPR\" href=\"https:\/\/partielinsaf.mr\/fr\/le-bureau-executif-se-reunit-a-lancien-palais-des-congres-discours-du-president-de-lupr\/\" rel=\"bookmark\">Le bureau ex\u00e9cutif se r\u00e9unit \u00e0 l\u2019ancien palais des congr\u00e8s.<\/a><\/h4>\n<p><i> <\/i><br \/>\nd\u00e9cembre 20, 2021<br \/>\n<!-- Post content end --><br \/>\n<!-- Post block style end --><br \/>\n<!-- feature item --><\/p>\n<h4><a title=\"Le bureau ex\u00e9cutif de l\u2019UPR tient une session ordinaire (Mot du pr\u00e9sident)\" href=\"https:\/\/partielinsaf.mr\/fr\/le-bureau-executif-de-lupr-tient-une-session-ordinaire-mot-du-president\/\" rel=\"bookmark\">Le bureau ex\u00e9cutif de l\u2019UPR tient une session ordinaire (Mot<\/a><\/h4>\n<p><i> <\/i><br \/>\nd\u00e9cembre 4, 2021<br \/>\n<!-- Post content end --><br \/>\n<!-- Post block style end --><br \/>\n<!-- feature item --><\/p>\n<h4><a title=\"Le pr\u00e9sident de l\u2019UPR rencontre un groupe de jeunes du parti\" href=\"https:\/\/partielinsaf.mr\/fr\/le-president-de-lupr-rencontre-un-groupe-de-jeunes-du-parti\/\" rel=\"bookmark\">Le pr\u00e9sident de l\u2019UPR rencontre un groupe de jeunes du<\/a><\/h4>\n<p><i> <\/i><br \/>\nd\u00e9cembre 4, 2021<br \/>\n<!-- Post content end --><br \/>\n<!-- Post block style end --><br \/>\n<!-- List post Col end --><br \/>\n<!-- feature item --><br \/>\n<!-- row --><br \/>\n<!-- block-item6 --><\/p>\n<h2>Organes de direction<\/h2>\n<p><!-- Section title --><br \/>\n<!-- style one --><\/p>\n<ul>\n<li><a href=\"https:\/\/partielinsaf.mr\/fr\/category\/parti\/\"><br \/>\nparti<br \/>\n0<br \/>\n<\/a><\/li>\n<li><a href=\"https:\/\/partielinsaf.mr\/fr\/category\/conference\/\"><br \/>\nConf\u00e9rence<br \/>\n0<br \/>\n<\/a><\/li>\n<li><a href=\"https:\/\/partielinsaf.mr\/fr\/category\/conseil-national\/\"><br \/>\nConseil national<br \/>\n0<br \/>\n<\/a><\/li>\n<li><a href=\"https:\/\/partielinsaf.mr\/fr\/category\/president\/\"><br \/>\nPresident<br \/>\n0<br \/>\n<\/a><\/li>\n<li><a href=\"https:\/\/partielinsaf.mr\/fr\/category\/bureau-executif\/\"><br \/>\nBureau ex\u00e9cutif<br \/>\n0<br \/>\n<\/a><\/li>\n<\/ul>\n<h2>Organismes de base<\/h2>\n<p><!-- Section title --><br \/>\n<!-- style one --><\/p>\n<ul>\n<li><a href=\"https:\/\/partielinsaf.mr\/fr\/category\/federations\/\"><br \/>\nFederations<br \/>\n2<br \/>\n<\/a><\/li>\n<li><a href=\"https:\/\/partielinsaf.mr\/fr\/category\/sections\/\"><br \/>\nSections<br \/>\n0<br \/>\n<\/a><\/li>\n<li><a href=\"https:\/\/partielinsaf.mr\/fr\/category\/branches\/\"><br \/>\nBranches<br \/>\n0<br \/>\n<\/a><\/li>\n<li><a href=\"https:\/\/partielinsaf.mr\/fr\/category\/unites-de-base\/\"><br \/>\nUnit\u00e9s de base<br \/>\n0<br \/>\n<\/a><\/li>\n<\/ul>\n<h2>Donn\u00e9es de parti<\/h2>\n<p><!-- Section title --><br \/>\n<a title=\"Communiqu\u00e9 du bureau ex\u00e9cutif de l\u2019UPR apr\u00e8s la tenue de sa session ordinaire\" href=\"https:\/\/partielinsaf.mr\/fr\/communique-du-bureau-executif-de-lupr-apres-la-tenue-de-sa-session-ordinaire\/\" rel=\"bookmark\"><br \/>\n<\/a><\/p>\n<h4><a title=\"Communiqu\u00e9 du bureau ex\u00e9cutif de l\u2019UPR apr\u00e8s la tenue de sa session ordinaire\" href=\"https:\/\/partielinsaf.mr\/fr\/communique-du-bureau-executif-de-lupr-apres-la-tenue-de-sa-session-ordinaire\/\" rel=\"bookmark\">Communiqu\u00e9 du bureau ex\u00e9cutif de l\u2019UPR apr\u00e8s la<\/a><\/h4>\n<p><!-- Post content end --><br \/>\n<!-- Post Block style end --><br \/>\n<a title=\"Communiqu\u00e9 de L\u2019UPR relatif \u00e0 la l\u2019\u00e9lection des membres titulaires et leurs suppl\u00e9ants de la Haute Cour de justice\" href=\"https:\/\/partielinsaf.mr\/fr\/communique-de-lupr-relatif-a-la-lelection-des-membres-titulaires-et-leurs-suppleants-de-la-haute-cour-de-justice\/\" rel=\"bookmark\"><br \/>\n<\/a><\/p>\n<h4><a title=\"Communiqu\u00e9 de L\u2019UPR relatif \u00e0 la l\u2019\u00e9lection des membres titulaires et leurs suppl\u00e9ants de la Haute Cour de justice\" href=\"https:\/\/partielinsaf.mr\/fr\/communique-de-lupr-relatif-a-la-lelection-des-membres-titulaires-et-leurs-suppleants-de-la-haute-cour-de-justice\/\" rel=\"bookmark\">Communiqu\u00e9 de L\u2019UPR relatif \u00e0 la l\u2019\u00e9lection des<\/a><\/h4>\n<p><!-- Post content end --><br \/>\n<!-- Post Block style end --><br \/>\n<a title=\"Communiqu\u00e9 de l\u2019UPR suite \u00e0 l\u2019approbation par l\u2019Assembl\u00e9e Nationale de la nouvelle loi portant code de la nationalit\u00e9\" href=\"https:\/\/partielinsaf.mr\/fr\/communique-de-lupr-suite-a-lapprobation-par-lassemblee-nationale-de-la-nouvelle-loi-portant-code-de-la-nationalite\/\" rel=\"bookmark\"><br \/>\n<\/a><\/p>\n<h4><a title=\"Communiqu\u00e9 de l\u2019UPR suite \u00e0 l\u2019approbation par l\u2019Assembl\u00e9e Nationale de la nouvelle loi portant code de la nationalit\u00e9\" href=\"https:\/\/partielinsaf.mr\/fr\/communique-de-lupr-suite-a-lapprobation-par-lassemblee-nationale-de-la-nouvelle-loi-portant-code-de-la-nationalite\/\" rel=\"bookmark\">Communiqu\u00e9 de l\u2019UPR suite \u00e0 l\u2019approbation par l\u2019Assembl\u00e9e<\/a><\/h4>\n<p><!-- Post content end --><br \/>\n<!-- Post Block style end --><br \/>\n<a title=\"Communiqu\u00e9 de la Coordination des partis de la majorit\u00e9 pr\u00e9sidentielle suite \u00e0 la lib\u00e9ration de nos concitoyens kidnapp\u00e9s\" href=\"https:\/\/partielinsaf.mr\/fr\/communique-de-la-coordination-des-partis-de-la-majorite-presidentielle-suite-a-la-liberation-de-nos-concitoyens-kidnappes\/\" rel=\"bookmark\"><br \/>\n<\/a><\/p>\n<h4><a title=\"Communiqu\u00e9 de la Coordination des partis de la majorit\u00e9 pr\u00e9sidentielle suite \u00e0 la lib\u00e9ration de nos concitoyens kidnapp\u00e9s\" href=\"https:\/\/partielinsaf.mr\/fr\/communique-de-la-coordination-des-partis-de-la-majorite-presidentielle-suite-a-la-liberation-de-nos-concitoyens-kidnappes\/\" rel=\"bookmark\">Communiqu\u00e9 de la Coordination des partis de la<\/a><\/h4>\n<p><!-- Post content end --><br \/>\n<!-- Post Block style end --><br \/>\n<!-- block-item6 --><\/p>\n<h2>Activit\u00e9s partisanes<\/h2>\n<p><!-- Section title --><\/p>\n<h3><a href=\"https:\/\/partielinsaf.mr\/fr\/communique-de-lupr-apres-lannonce-de-la-guerison-de-son-excellence-le-president-de-la-republique-du-covid-19\/\"><br \/>\nCommuniqu\u00e9 de L\u2019UPR apr\u00e8s l\u2019annonce de la gu\u00e9rison de Son Excellence le Pr\u00e9sident de la R\u00e9publique du Covid 19 <\/a><\/h3>\n<p>&nbsp;<\/p>\n<h3><a href=\"https:\/\/partielinsaf.mr\/fr\/declaration-de-presse-de-lupr\/\"><br \/>\nD\u00e9claration de presse de l\u2019UPR <\/a><\/h3>\n<p>&nbsp;<\/p>\n<h3><a href=\"https:\/\/partielinsaf.mr\/fr\/a-lissue-de-la-visite-de-son-excellence-le-president-de-la-republique-en-algerie-lupr-communique\/\"><br \/>\nA l\u2019issue de la visite de Son Excellence le Pr\u00e9sident de la R\u00e9publique en Alg\u00e9rie l\u2019UPR communique <\/a><\/h3>\n<p>&nbsp;<\/p>\n<h3><a href=\"https:\/\/partielinsaf.mr\/fr\/invitation-des-membres-du-conseil-national-et-du-bureau-executif-de-lupr-2\/\"><br \/>\nInvitation des membres du Conseil National et du Bureau Ex\u00e9cutif de l\u2019UPR <\/a><\/h3>\n<p>&nbsp;<\/p>\n<h3><a href=\"https:\/\/partielinsaf.mr\/fr\/communique-du-bureau-executif-de-lupr\/\"><br \/>\nCommuniqu\u00e9 du Bureau ex\u00e9cutif de l\u2019UPR <\/a><\/h3>\n<p>&nbsp;<\/p>\n<h3><a href=\"https:\/\/partielinsaf.mr\/fr\/avis-upr\/\"><br \/>\nUPR : Avis <\/a><\/h3>\n<p><!-- block-item6 --><\/p>\n<h2>F\u00e9licitations<\/h2>\n<p><!-- Section title --><\/p>\n<figure><img decoding=\"async\" src=\"https:\/\/partielinsaf.mr\/fr\/wp-content\/uploads\/2021\/09\/f0fed8c7-9f84-48d4-9a6e-453b9593ce33-Copie-2.jpg\" alt=\"f0fed8c7-9f84-48d4-9a6e-453b9593ce33 - Copie (2)\" \/><\/figure>\n<figure><img decoding=\"async\" src=\"https:\/\/partielinsaf.mr\/fr\/wp-content\/uploads\/2021\/09\/220545025_5955849747789496_7709050712508847454_n.png\" alt=\"220545025_5955849747789496_7709050712508847454_n\" \/><\/figure>\n<figure><img decoding=\"async\" src=\"https:\/\/partielinsaf.mr\/fr\/wp-content\/uploads\/2021\/09\/235870193_6060067750701028_4820160154986677318_n.png\" alt=\"235870193_6060067750701028_4820160154986677318_n\" \/><\/figure>\n<h2>Condol\u00e9ances<\/h2>\n<p><!-- Section title --><\/p>\n<h4><a href=\"https:\/\/partielinsaf.mr\/fr\/le-president-de-lupr-presente-ses-condoleances-suite-au-deces-de-mohamed-lemine-ould-el-houssein-membre-du-conseil-national-du-parti\/\"> Le pr\u00e9sident de l\u2019UPR pr\u00e9sente ses condol\u00e9ances suite au d\u00e9c\u00e8s de Mohamed Lemine Ould El Houssein membre du Conseil national du parti<\/a><\/h4>\n<h2>Videos<\/h2>\n<p><!-- Section title --><br \/>\n<a href=\"https:\/\/www.youtube.com\/watch?v=MlNmqD8KfrY\"><br \/>\n<\/a><\/p>\n<h4><a href=\" https:\/\/partielinsaf.mr\/fr\/?post_type=post&amp;p=4436 \"> R\u00e9union du bureau ex\u00e9cutif discours du pr\u00e9sident du parti <\/a><\/h4>\n<ul>\n<li>0<\/li>\n<\/ul>\n<p><a href=\"https:\/\/www.youtube.com\/watch?v=EHq_WUamFUY\">\u00a0<\/a><\/p>\n<h4><a href=\" https:\/\/partielinsaf.mr\/fr\/?post_type=post&amp;p=4435 \"> Discours du pr\u00e9sident du parti Sidi Mohamed Ould Talib Omar <\/a><\/h4>\n<ul>\n<li>0<\/li>\n<\/ul>\n<p><a href=\"https:\/\/www.youtube.com\/watch?v=eyEIb4KOWgE\">\u00a0<\/a><\/p>\n<h4><a href=\" https:\/\/partielinsaf.mr\/fr\/?post_type=post&amp;p=4432 \"> Session pr\u00e9paratoire de la \u00ab\u00a0Consultation nationale\u00a0\u00bb pr\u00e9sid\u00e9e par le parti Union pour la R\u00e9publique dans le discours du Pr\u00e9sident <\/a><\/h4>\n<ul>\n<li>0<\/li>\n<\/ul>\n<p><a href=\"https:\/\/www.youtube.com\/watch?v=oljf57cMsk0\">\u00a0<\/a><\/p>\n<h4><a href=\" https:\/\/partielinsaf.mr\/fr\/?post_type=post&amp;p=4430 \"> Discours du pr\u00e9sident du parti lors de la r\u00e9union ordinaire. <\/a><\/h4>\n<ul>\n<li>0<\/li>\n<\/ul>\n<p><a href=\"https:\/\/www.youtube.com\/watch?v=oljf57cMsk0\">\u00a0<\/a><\/p>\n<h4><a href=\" https:\/\/partielinsaf.mr\/fr\/?post_type=post&amp;p=4429 \"> Discours du pr\u00e9sident du parti lors de la r\u00e9union ordinaire. <\/a><\/h4>\n<ul>\n<li>0<\/li>\n<\/ul>\n<p><a href=\"https:\/\/www.youtube.com\/watch?v=ESS1ypxv65k&amp;t=1s\">\u00a0<\/a><\/p>\n<h4><a href=\" https:\/\/partielinsaf.mr\/fr\/?post_type=post&amp;p=4418 \"> Journaliste pour le pr\u00e9sident du parti Union pour la R\u00e9publique \u00e0 Nouadhibou <\/a><\/h4>\n<ul>\n<li>0<\/li>\n<\/ul>\n<p><img loading=\"lazy\" decoding=\"async\" src=\"https:\/\/partielinsaf.mr\/fr\/wp-content\/uploads\/2021\/11\/05-455x300.jpg\" sizes=\"auto, (max-width: 455px) 100vw, 455px\" srcset=\"https:\/\/partielinsaf.mr\/fr\/wp-content\/uploads\/2021\/11\/05-455x300.jpg 455w, https:\/\/partielinsaf.mr\/fr\/wp-content\/uploads\/2021\/11\/05-850x560.jpg 850w\" alt=\"\" width=\"455\" height=\"300\" \/><\/p>\n<h4>R\u00e9union du bureau ex\u00e9cutif discours du pr\u00e9sident du<\/h4>\n<p><img loading=\"lazy\" decoding=\"async\" src=\"https:\/\/partielinsaf.mr\/fr\/wp-content\/uploads\/2021\/11\/04-455x300.jpg\" sizes=\"auto, (max-width: 455px) 100vw, 455px\" srcset=\"https:\/\/partielinsaf.mr\/fr\/wp-content\/uploads\/2021\/11\/04-455x300.jpg 455w, https:\/\/partielinsaf.mr\/fr\/wp-content\/uploads\/2021\/11\/04-850x560.jpg 850w\" alt=\"\" width=\"455\" height=\"300\" \/><\/p>\n<h4>Discours du pr\u00e9sident du parti Sidi Mohamed Ould<\/h4>\n<p><img loading=\"lazy\" decoding=\"async\" src=\"https:\/\/partielinsaf.mr\/fr\/wp-content\/uploads\/2021\/11\/03-455x300.jpg\" sizes=\"auto, (max-width: 455px) 100vw, 455px\" srcset=\"https:\/\/partielinsaf.mr\/fr\/wp-content\/uploads\/2021\/11\/03-455x300.jpg 455w, https:\/\/partielinsaf.mr\/fr\/wp-content\/uploads\/2021\/11\/03-850x560.jpg 850w\" alt=\"\" width=\"455\" height=\"300\" \/><\/p>\n<h4>Session pr\u00e9paratoire de la \u00ab\u00a0Consultation nationale\u00a0\u00bb pr\u00e9sid\u00e9e par<\/h4>\n<p><img loading=\"lazy\" decoding=\"async\" src=\"https:\/\/partielinsaf.mr\/fr\/wp-content\/uploads\/2021\/11\/01-455x300.jpg\" sizes=\"auto, (max-width: 455px) 100vw, 455px\" srcset=\"https:\/\/partielinsaf.mr\/fr\/wp-content\/uploads\/2021\/11\/01-455x300.jpg 455w, https:\/\/partielinsaf.mr\/fr\/wp-content\/uploads\/2021\/11\/01-850x560.jpg 850w\" alt=\"\" width=\"455\" height=\"300\" \/><\/p>\n<h4>Discours du pr\u00e9sident du parti lors de la<\/h4>\n<p><img loading=\"lazy\" decoding=\"async\" src=\"https:\/\/partielinsaf.mr\/fr\/wp-content\/uploads\/2021\/12\/5c964946-f055-4df8-8e1f-80258430501d_0-455x270.jpg\" alt=\"\" width=\"455\" height=\"270\" \/><\/p>\n<h4>Discours du pr\u00e9sident du parti lors de la<\/h4>\n<p><img loading=\"lazy\" decoding=\"async\" src=\"https:\/\/partielinsaf.mr\/fr\/wp-content\/uploads\/2021\/11\/05-455x300.jpg\" sizes=\"auto, (max-width: 455px) 100vw, 455px\" srcset=\"https:\/\/partielinsaf.mr\/fr\/wp-content\/uploads\/2021\/11\/05-455x300.jpg 455w, https:\/\/partielinsaf.mr\/fr\/wp-content\/uploads\/2021\/11\/05-850x560.jpg 850w\" alt=\"\" width=\"455\" height=\"300\" \/><\/p>\n<h4>Journaliste pour le pr\u00e9sident du parti Union pour<\/h4>\n<h2>Nouvelles \u00e9lues<\/h2>\n<p><!-- Section title --><\/p>\n<h4><a title=\"Communiqu\u00e9 de L\u2019UPR apr\u00e8s l\u2019annonce de la gu\u00e9rison de Son Excellence le Pr\u00e9sident de la R\u00e9publique du Covid 19\" href=\"https:\/\/partielinsaf.mr\/fr\/communique-de-lupr-apres-lannonce-de-la-guerison-de-son-excellence-le-president-de-la-republique-du-covid-19\/\" rel=\"bookmark\">Communiqu\u00e9 de L\u2019UPR apr\u00e8s l\u2019annonce de la gu\u00e9rison de Son<\/a><\/h4>\n<p><!-- Post content end --><br \/>\n<!-- Post block style end --><\/p>\n<h4><a title=\"D\u00e9claration de presse de l\u2019UPR\" href=\"https:\/\/partielinsaf.mr\/fr\/declaration-de-presse-de-lupr\/\" rel=\"bookmark\">D\u00e9claration de presse de l\u2019UPR<\/a><\/h4>\n<p><!-- Post content end --><br \/>\n<!-- Post block style end --><\/p>\n<h4><a title=\"A l\u2019issue de la visite de Son Excellence le Pr\u00e9sident de la R\u00e9publique en Alg\u00e9rie l\u2019UPR communique\" href=\"https:\/\/partielinsaf.mr\/fr\/a-lissue-de-la-visite-de-son-excellence-le-president-de-la-republique-en-algerie-lupr-communique\/\" rel=\"bookmark\">A l\u2019issue de la visite de Son Excellence le Pr\u00e9sident<\/a><\/h4>\n<p><!-- Post content end --><br \/>\n<!-- Post block style end --><\/p>\n<h4><a title=\"D\u2019immenses foules assistent au meeting de l\u2019\u00e9quit\u00e9 organis\u00e9 par l\u2019UPR\" href=\"https:\/\/partielinsaf.mr\/fr\/dimmenses-foules-assistent-au-meeting-de-lupr\/\" rel=\"bookmark\">D\u2019immenses foules assistent au meeting de l\u2019\u00e9quit\u00e9 organis\u00e9 par l\u2019UPR<\/a><\/h4>\n<p><!-- Post content end --><br \/>\n<!-- Post block style end --><br \/>\n<a href=\"https:\/\/www.facebook.com\/UPRMauritanie\" target=\"_blank\" rel=\"noopener\"><br \/>\nFacebook<br \/>\n<\/a><br \/>\n<a href=\"https:\/\/www.youtube.com\/channel\/UCaHInajI9cR2993BGmm5q4A\/videos\" target=\"_blank\" rel=\"noopener\"><br \/>\nYoutube<br \/>\n<\/a><\/p>\n","protected":false},"excerpt":{"rendered":"<p>&nbsp; Communiqu\u00e9 de L\u2019UPR apr\u00e8s l\u2019annonce de la gu\u00e9rison de Son Excellence le Pr\u00e9sident de la R\u00e9publique du Covid 19 D\u00e9claration de presse de l\u2019UPR A l\u2019issue de la visite de Son Excellence le Pr\u00e9sident D\u2019immenses foules assistent au meeting de l\u2019\u00e9quit\u00e9 organis\u00e9 par l\u2019UPR Invitation des membres du Conseil National et du Bureau Ex\u00e9cutif &hellip;<\/p>\n","protected":false},"author":1,"featured_media":0,"parent":0,"menu_order":0,"comment_status":"closed","ping_status":"closed","template":"","meta":{"footnotes":""},"class_list":["post-1878","page","type-page","status-publish","has-post-thumbnail","hentry"],"_links":{"self":[{"href":"https:\/\/partielinsaf.mr\/fr\/index.php?rest_route=\/wp\/v2\/pages\/1878","targetHints":{"allow":["GET"]}}],"collection":[{"href":"https:\/\/partielinsaf.mr\/fr\/index.php?rest_route=\/wp\/v2\/pages"}],"about":[{"href":"https:\/\/partielinsaf.mr\/fr\/index.php?rest_route=\/wp\/v2\/types\/page"}],"author":[{"embeddable":true,"href":"https:\/\/partielinsaf.mr\/fr\/index.php?rest_route=\/wp\/v2\/users\/1"}],"replies":[{"embeddable":true,"href":"https:\/\/partielinsaf.mr\/fr\/index.php?rest_route=%2Fwp%2Fv2%2Fcomments&post=1878"}],"version-history":[{"count":210,"href":"https:\/\/partielinsaf.mr\/fr\/index.php?rest_route=\/wp\/v2\/pages\/1878\/revisions"}],"predecessor-version":[{"id":4816,"href":"https:\/\/partielinsaf.mr\/fr\/index.php?rest_route=\/wp\/v2\/pages\/1878\/revisions\/4816"}],"wp:attachment":[{"href":"https:\/\/partielinsaf.mr\/fr\/index.php?rest_route=%2Fwp%2Fv2%2Fmedia&parent=1878"}],"curies":[{"name":"wp","href":"https:\/\/api.w.org\/{rel}","templated":true}]}}